{"version":"1.0","provider_name":"Informate Py Creemos en la libertad de expresi\u00f3n y en la capacidad de la gente de reflexionar\u00a0por\u00a0si\u00a0misma","provider_url":"https:\/\/informatepy.com\/2024","title":"No me paro de equivocar, se\u00f1or - Informate Py Creemos en la libertad de expresi\u00f3n y en la capacidad de la gente de reflexionar\u00a0por\u00a0si\u00a0misma","type":"rich","width":600,"height":338,"html":"<blockquote class=\"wp-embedded-content\" data-secret=\"7O4i9291ze\"><a href=\"https:\/\/informatepy.com\/2024\/2019\/04\/23\/no-me-paro-de-equivocar-senor\/\">No me paro de equivocar, se\u00f1or<\/a><\/blockquote><iframe sandbox=\"allow-scripts\" security=\"restricted\" src=\"https:\/\/informatepy.com\/2024\/2019\/04\/23\/no-me-paro-de-equivocar-senor\/embed\/#?secret=7O4i9291ze\" width=\"600\" height=\"338\" title=\"\u00abNo me paro de equivocar, se\u00f1or\u00bb \u2014 Informate Py Creemos en la libertad de expresi\u00f3n y en la capacidad de la gente de reflexionar\u00a0por\u00a0si\u00a0misma\" data-secret=\"7O4i9291ze\" frameborder=\"0\" marginwidth=\"0\" marginheight=\"0\" scrolling=\"no\" class=\"wp-embedded-content\"><\/iframe><script type=\"text\/javascript\">\n\/* <![CDATA[ *\/\n\/*! This file is auto-generated *\/\n!function(d,l){\"use strict\";l.querySelector&&d.addEventListener&&\"undefined\"!=typeof URL&&(d.wp=d.wp||{},d.wp.receiveEmbedMessage||(d.wp.receiveEmbedMessage=function(e){var t=e.data;if((t||t.secret||t.message||t.value)&&!\/[^a-zA-Z0-9]\/.test(t.secret)){for(var s,r,n,a=l.querySelectorAll('iframe[data-secret=\"'+t.secret+'\"]'),o=l.querySelectorAll('blockquote[data-secret=\"'+t.secret+'\"]'),c=new RegExp(\"^https?:$\",\"i\"),i=0;i<o.length;i++)o[i].style.display=\"none\";for(i=0;i<a.length;i++)s=a[i],e.source===s.contentWindow&&(s.removeAttribute(\"style\"),\"height\"===t.message?(1e3<(r=parseInt(t.value,10))?r=1e3:~~r<200&&(r=200),s.height=r):\"link\"===t.message&&(r=new URL(s.getAttribute(\"src\")),n=new URL(t.value),c.test(n.protocol))&&n.host===r.host&&l.activeElement===s&&(d.top.location.href=t.value))}},d.addEventListener(\"message\",d.wp.receiveEmbedMessage,!1),l.addEventListener(\"DOMContentLoaded\",function(){for(var e,t,s=l.querySelectorAll(\"iframe.wp-embedded-content\"),r=0;r<s.length;r++)(t=(e=s[r]).getAttribute(\"data-secret\"))||(t=Math.random().toString(36).substring(2,12),e.src+=\"#?secret=\"+t,e.setAttribute(\"data-secret\",t)),e.contentWindow.postMessage({message:\"ready\",secret:t},\"*\")},!1)))}(window,document);\n\/\/# sourceURL=https:\/\/informatepy.com\/2024\/wp-includes\/js\/wp-embed.min.js\n\/* ]]> *\/\n<\/script>\n","thumbnail_url":"https:\/\/i0.wp.com\/informatepy.com\/2024\/wp-content\/uploads\/2021\/04\/abdo-ironico.jpg?fit=760%2C420&ssl=1","thumbnail_width":760,"thumbnail_height":420,"description":"Bartola Fern\u00e1ndez, concejal municipal de Presidente Franco, explic\u00f3 que desde una organizaci\u00f3n ciudadana vienen reclamando desde hace varios meses la falta total de asistencia en salud p\u00fablica. Se\u00f1al\u00f3 que los hospitales p\u00fablicos de Alto Paran\u00e1 est\u00e1n sin medicamentos e insumos b\u00e1sicos. \u201cConsideramos lo de hoy una afrenta a la ciudadan\u00eda altoparanaense, ante la extrema necesidad\u201d, [&hellip;]"}