{"version":"1.0","provider_name":"Informate Py Creemos en la libertad de expresi\u00f3n y en la capacidad de la gente de reflexionar\u00a0por\u00a0si\u00a0misma","provider_url":"https:\/\/informatepy.com\/2024","title":"\u00bfQui\u00e9n genera violencia en el f\u00fatbol? - Informate Py Creemos en la libertad de expresi\u00f3n y en la capacidad de la gente de reflexionar\u00a0por\u00a0si\u00a0misma","type":"rich","width":600,"height":338,"html":"<blockquote class=\"wp-embedded-content\" data-secret=\"FGLlsF9fLa\"><a href=\"https:\/\/informatepy.com\/2024\/2019\/03\/15\/quien-genera-violencia-en-el-futbol-2\/\">\u00bfQui\u00e9n genera violencia en el f\u00fatbol?<\/a><\/blockquote><iframe sandbox=\"allow-scripts\" security=\"restricted\" src=\"https:\/\/informatepy.com\/2024\/2019\/03\/15\/quien-genera-violencia-en-el-futbol-2\/embed\/#?secret=FGLlsF9fLa\" width=\"600\" height=\"338\" title=\"\u00ab\u00bfQui\u00e9n genera violencia en el f\u00fatbol?\u00bb \u2014 Informate Py Creemos en la libertad de expresi\u00f3n y en la capacidad de la gente de reflexionar\u00a0por\u00a0si\u00a0misma\" data-secret=\"FGLlsF9fLa\" frameborder=\"0\" marginwidth=\"0\" marginheight=\"0\" scrolling=\"no\" class=\"wp-embedded-content\"><\/iframe><script type=\"text\/javascript\">\n\/* <![CDATA[ *\/\n\/*! This file is auto-generated *\/\n!function(d,l){\"use strict\";l.querySelector&&d.addEventListener&&\"undefined\"!=typeof URL&&(d.wp=d.wp||{},d.wp.receiveEmbedMessage||(d.wp.receiveEmbedMessage=function(e){var t=e.data;if((t||t.secret||t.message||t.value)&&!\/[^a-zA-Z0-9]\/.test(t.secret)){for(var s,r,n,a=l.querySelectorAll('iframe[data-secret=\"'+t.secret+'\"]'),o=l.querySelectorAll('blockquote[data-secret=\"'+t.secret+'\"]'),c=new RegExp(\"^https?:$\",\"i\"),i=0;i<o.length;i++)o[i].style.display=\"none\";for(i=0;i<a.length;i++)s=a[i],e.source===s.contentWindow&&(s.removeAttribute(\"style\"),\"height\"===t.message?(1e3<(r=parseInt(t.value,10))?r=1e3:~~r<200&&(r=200),s.height=r):\"link\"===t.message&&(r=new URL(s.getAttribute(\"src\")),n=new URL(t.value),c.test(n.protocol))&&n.host===r.host&&l.activeElement===s&&(d.top.location.href=t.value))}},d.addEventListener(\"message\",d.wp.receiveEmbedMessage,!1),l.addEventListener(\"DOMContentLoaded\",function(){for(var e,t,s=l.querySelectorAll(\"iframe.wp-embedded-content\"),r=0;r<s.length;r++)(t=(e=s[r]).getAttribute(\"data-secret\"))||(t=Math.random().toString(36).substring(2,12),e.src+=\"#?secret=\"+t,e.setAttribute(\"data-secret\",t)),e.contentWindow.postMessage({message:\"ready\",secret:t},\"*\")},!1)))}(window,document);\n\/\/# sourceURL=https:\/\/informatepy.com\/2024\/wp-includes\/js\/wp-embed.min.js\n\/* ]]> *\/\n<\/script>\n","thumbnail_url":"https:\/\/i0.wp.com\/informatepy.com\/2024\/wp-content\/uploads\/2021\/03\/amorebieta-falta-a-paiva.jpg?fit=821%2C573&ssl=1","thumbnail_width":821,"thumbnail_height":573,"description":"D\u00edas atr\u00e1s, el Ministro del Interior, Juan Ernesto Villamayor, reconoci\u00f3 que la necesidad de aumentar las inversiones que se destinan a las pol\u00edticas antiviolencia en el f\u00fatbol paraguayo, argumentando que hace falta \u00absanear el deporte\u00bb en el pa\u00eds. En esa direcci\u00f3n, pidi\u00f3 la colaboraci\u00f3n, tanto de la Asociaci\u00f3n Paraguaya de F\u00fatbol (APF) como de los [&hellip;]"}