{"version":"1.0","provider_name":"Informatepy","provider_url":"https:\/\/informatepy.com\/2021","author_name":"Redacci\u00f3n","author_url":"https:\/\/informatepy.com\/2021\/author\/redaccion\/","title":"Pol\u00e9mica por el nuevo primer ministro peruano - Informatepy","type":"rich","width":600,"height":338,"html":"<blockquote class=\"wp-embedded-content\" data-secret=\"7vpb1Orqg0\"><a href=\"https:\/\/informatepy.com\/2021\/2021\/08\/05\/polemica-por-el-nuevo-gabinete-peruano\/\">Pol\u00e9mica por el nuevo primer ministro peruano<\/a><\/blockquote><iframe sandbox=\"allow-scripts\" security=\"restricted\" src=\"https:\/\/informatepy.com\/2021\/2021\/08\/05\/polemica-por-el-nuevo-gabinete-peruano\/embed\/#?secret=7vpb1Orqg0\" width=\"600\" height=\"338\" title=\"\u00abPol\u00e9mica por el nuevo primer ministro peruano\u00bb \u2014 Informatepy\" data-secret=\"7vpb1Orqg0\" frameborder=\"0\" marginwidth=\"0\" marginheight=\"0\" scrolling=\"no\" class=\"wp-embedded-content\"><\/iframe><script type=\"text\/javascript\">\n\/* <![CDATA[ *\/\n\/*! This file is auto-generated *\/\n!function(d,l){\"use strict\";l.querySelector&&d.addEventListener&&\"undefined\"!=typeof URL&&(d.wp=d.wp||{},d.wp.receiveEmbedMessage||(d.wp.receiveEmbedMessage=function(e){var t=e.data;if((t||t.secret||t.message||t.value)&&!\/[^a-zA-Z0-9]\/.test(t.secret)){for(var s,r,n,a=l.querySelectorAll('iframe[data-secret=\"'+t.secret+'\"]'),o=l.querySelectorAll('blockquote[data-secret=\"'+t.secret+'\"]'),c=new RegExp(\"^https?:$\",\"i\"),i=0;i<o.length;i++)o[i].style.display=\"none\";for(i=0;i<a.length;i++)s=a[i],e.source===s.contentWindow&&(s.removeAttribute(\"style\"),\"height\"===t.message?(1e3<(r=parseInt(t.value,10))?r=1e3:~~r<200&&(r=200),s.height=r):\"link\"===t.message&&(r=new URL(s.getAttribute(\"src\")),n=new URL(t.value),c.test(n.protocol))&&n.host===r.host&&l.activeElement===s&&(d.top.location.href=t.value))}},d.addEventListener(\"message\",d.wp.receiveEmbedMessage,!1),l.addEventListener(\"DOMContentLoaded\",function(){for(var e,t,s=l.querySelectorAll(\"iframe.wp-embedded-content\"),r=0;r<s.length;r++)(t=(e=s[r]).getAttribute(\"data-secret\"))||(t=Math.random().toString(36).substring(2,12),e.src+=\"#?secret=\"+t,e.setAttribute(\"data-secret\",t)),e.contentWindow.postMessage({message:\"ready\",secret:t},\"*\")},!1)))}(window,document);\n\/\/# sourceURL=https:\/\/informatepy.com\/2021\/wp-includes\/js\/wp-embed.min.js\n\/* ]]> *\/\n<\/script>\n","thumbnail_url":"https:\/\/i0.wp.com\/informatepy.com\/2021\/wp-content\/uploads\/2021\/08\/guido-bellido-primer-ministro-peru.jpg?fit=980%2C528&ssl=1","thumbnail_width":980,"thumbnail_height":528,"description":"El Gabinete de Pedro Castillo est\u00e1 envuelto en una pol\u00e9mica, tras la designaci\u00f3n inesperada y sorprendente de Guido Bellido como primer ministro de Per\u00fa, lo cual hizo que se generara un intenso debate sobre el rumbo que tomar\u00e1 su gobierno. \u00abEl Partido Morado rechaza el nombramiento del se\u00f1or Guido Bellido como presidente del Consejo de [&hellip;]"}